{"id":9251,"date":"2019-10-25T10:46:51","date_gmt":"2019-10-25T08:46:51","guid":{"rendered":"https:\/\/www.industri-sl.com\/transport\/autobus\/escolar\/"},"modified":"2025-03-31T12:34:21","modified_gmt":"2025-03-31T10:34:21","slug":"scolaire","status":"publish","type":"page","link":"https:\/\/www.industri-sl.com\/fr\/transport\/autobus\/scolaire\/","title":{"rendered":"Rideaux pour autobus scolaire"},"content":{"rendered":"<h2>Fabrication sur mesure pour autocars scolaires<\/h2>\n<p>INDUSTRI fabrique tout type d\u2019accessoires sur mesure pour les autobus scolaires: rideaux, r\u00e9troviseurs, toits ouvrants, charni\u00e8res, enjoliveurs ou repose-pieds. De plus, en <strong>application de la r\u00e9glementation sur le transport scolaire<\/strong>, nous fabriquons aussi le signal V10, obligatoire sur les v\u00e9hicules transportant des \u00e9coliers.<\/p>\n<p>Cette plaque r\u00e9flectrice ou rideau de signalisation V10 est disponible dans diff\u00e9rentes tailles et formats, conformes \u00e0 la norme en vigueur (rigide, enrouleur et\/ou avec \u00e9clairage LED).<\/p>\n<h3>Comment et o\u00f9 placer le signal de transport scolaire?<\/h3>\n<p>Pendant les trajets scolaires, les autobus devront \u00eatre identifi\u00e9s <strong>au moyen d\u2019une plaque ou rideau<\/strong> de signalisation de transport scolaire, dans ce cas le signal V10, qui devra \u00eatre plac\u00e9 \u00e0 l\u2019int\u00e9rieur du v\u00e9hicule et de mani\u00e8re \u00e0 \u00eatre visible \u00e0 tout moment depuis l\u2019ext\u00e9rieur. Les signaux devront toujours \u00eatre en place pendant <strong>toute la dur\u00e9e du trajet<\/strong>\/ramassage scolaire.<\/p>\n<p>La plaque ou le rideau devra disposer d\u2019un <strong>syst\u00e8me de fixation<\/strong> qui lui permette de rester perpendiculaire \u00e0 l\u2019axe du v\u00e9hicule et \u00e0 garantir son fonctionnement stable. On veillera aussi \u00e0 ce qu\u2019il puisse \u00eatre plac\u00e9 et \u00f4t\u00e9 en toute facilit\u00e9, sans n\u00e9cessit\u00e9 d\u2019outils.<\/p>\n<p>En fonction de la taille de l\u2019autocar, le signal devra \u00eatre plac\u00e9 aussi \u00e0 l\u2019avant, en plus de l\u2019arri\u00e8re, en suivant ces consignes:<\/p>\n<ul>\n<li><strong>Autobus jusqu\u2019\u00e0 19 places:<\/strong> la plaque n\u2019est pas n\u00e9cessaire \u00e0 l\u2019avant et le signal arri\u00e8re doit mesurer 20 cm de c\u00f4t\u00e9.<\/li>\n<li><strong>Autobus de plus de 19 places et jusqu\u2019\u00e0 10 m\u00e8tres de long:<\/strong> les deux signaux, avant et arri\u00e8re, sont obligatoires et les deux doivent mesurer 20 cm de c\u00f4t\u00e9.<\/li>\n<li><strong>Autobus de plus de 10 m\u00e8tres de long:<\/strong> les plaques avant et arri\u00e8re sont obligatoires et doivent mesurer 36 cm de c\u00f4t\u00e9.<\/li>\n<\/ul>\n<p>Tous nos mod\u00e8les sont conformes aux exigences vis\u00e9es au <strong>R\u00e8glement G\u00e9n\u00e9ral des V\u00e9hicules<\/strong>.<\/p>\n<h2>Quel type de rideaux de signalisation fabriquons-nous?<\/h2>\n<div><a class=\"boton gris\" href=\"#rigidas\">Rideaux rigides<\/a><a class=\"boton gris\" href=\"#enrollables\">Rideaux enrouleurs<\/a><a class=\"boton gris\" href=\"#led\">Rideaux de signalisation scolaire \u00e0 LED<\/a><\/div>\n<div class=\"light-bg marcas\">\n\t<div class=\"flex\">\n\t\t<h2>nos clients<\/h2>\n\n\t<\/div>\n\n\t<div class=\"flex\">\n\t\t<div class=\"caja\">\n\t\t\t<div class=\"flex marcas-logos\">\n\t\t\t\t<div><a href=\"https:\/\/www.industri-sl.com\/fr\/transporte\/recambios\/tren\/caf\/\"><img decoding=\"async\" loading=\"lazy\" src=\"https:\/\/www.industri-sl.com\/wp-content\/themes\/industri\/img\/logo-caf.jpg\" alt=\"CAF\"><\/a><\/div>\n\t\t\t\t<div><a href=\"https:\/\/www.industri-sl.com\/fr\/transporte\/recambios\/tren\/talgo\/\"><img decoding=\"async\" loading=\"lazy\" src=\"https:\/\/www.industri-sl.com\/wp-content\/themes\/industri\/img\/logo-talgo.jpg\" alt=\"Talgo\"><\/a><\/div>\n\t\t\t\t<div><img decoding=\"async\" loading=\"lazy\" src=\"https:\/\/www.industri-sl.com\/wp-content\/themes\/industri\/img\/logo-esg-rail.jpg\" alt=\"DBESGRail\"><\/div>\n\t\t\t<\/div>\n\t\t<\/div>\n\t<\/div>\n\t<div class=\"flex\">\n\t\t<div class=\"caja\">\n\t\t\t<div class=\"flex marcas-logos\">\n\t\t\t\t<div><a href=\"https:\/\/www.industri-sl.com\/fr\/transporte\/recambios\/tren\/alstom\/\"><img decoding=\"async\" loading=\"lazy\" src=\"https:\/\/www.industri-sl.com\/wp-content\/themes\/industri\/img\/logo-alstom.jpg\" alt=\"ALSTOM\"><\/a><\/div>\n\t\t\t\t<div><img decoding=\"async\" loading=\"lazy\" src=\"https:\/\/www.industri-sl.com\/wp-content\/themes\/industri\/img\/logo-bombardier.jpg\" alt=\"Bombardier\"><\/div>\n\t\t\t\t<div><img decoding=\"async\" loading=\"lazy\" src=\"https:\/\/www.industri-sl.com\/wp-content\/themes\/industri\/img\/logo-stadler.jpg\" alt=\"Stadler\"><\/div>\n\t\t\t<\/div>\n\t\t<\/div>\n\t<\/div>\n\t<br>\n\t<a class=\"boton sin\" href=\"#formulario\">DEMANDE DE DEVIS<\/a>\n<\/div>\n\n<h3 id=\"rigidas\" class=\"ancla\">Rideaux rigides<\/h3>\n<p><img loading=\"lazy\" decoding=\"async\" class=\"alignright wp-image-2264\" src=\"https:\/\/www.industri-sl.com\/wp-content\/uploads\/cortina-autobus-escolar-rigida-1-300x216.jpg\" alt=\"Rideaux rigides pour autocars scolaires\" width=\"450\" height=\"323\" srcset=\"https:\/\/www.industri-sl.com\/wp-content\/uploads\/cortina-autobus-escolar-rigida-1-300x216.jpg 300w, https:\/\/www.industri-sl.com\/wp-content\/uploads\/cortina-autobus-escolar-rigida-1-768x552.jpg 768w, https:\/\/www.industri-sl.com\/wp-content\/uploads\/cortina-autobus-escolar-rigida-1.jpg 800w\" sizes=\"auto, (max-width: 450px) 100vw, 450px\" \/>Ces rideaux montrent le symbole scolaire sur une plaque en <strong>mat\u00e9riel r\u00e9flecteur<\/strong> qui adh\u00e8re \u00e0 la vitre de l\u2019autobus au moyen de 4 ventouses.<\/p>\n<p>Ce rideau ou plaque est <strong>conforme aux exigences vis\u00e9es au R\u00e8glement G\u00e9n\u00e9ral des V\u00e9hicules<\/strong>, D\u00e9cret royal 2822\/1998, et notamment celle relative \u00e0 la Plaque de Transport Scolaire, V10, dont la derni\u00e8re modification rel\u00e8ve de l\u2019Arr\u00eat\u00e9 de la Pr\u00e9sidence 43\/2007 (Journal Officiel n\u00ba20 du 23\/01\/2007).<\/p>\n<ul>\n<li><strong>Disponible dans deux dimensions:<\/strong> plaque rigide 360 x 360 mm (n\u00ba homologation : V10.081) et plaque rigide 200 x 200 mm (n\u00ba d\u2019homologation: V10.082).<\/li>\n<li>Le rideau se compose d\u2019un film semi-rigide autocollant en polycarbonate de type r\u00e9tror\u00e9flecteur <strong>microprismatique de niveau 2<\/strong>, avec une s\u00e9rigraphie.<\/li>\n<li>Ce film est coll\u00e9 sur une plaque en pvc de 2,5 mm d\u2019\u00e9paisseur et ses coins sont arrondis \u00e0 <strong>un rayon de 15 mm<\/strong>.<\/li>\n<li><strong>Aux 4 coins sont fix\u00e9es<\/strong> des ventouses de 30 mm de diam\u00e8tre.<\/li>\n<\/ul>\n<h3 id=\"enrollables\" class=\"ancla\">Rideaux enrouleurs<\/h3>\n<p><img loading=\"lazy\" decoding=\"async\" class=\"alignright wp-image-2260\" src=\"https:\/\/www.industri-sl.com\/wp-content\/uploads\/cortina-1-1-300x221.jpg\" alt=\"Rideaux enrouleurs pour autocars scolaires\" width=\"450\" height=\"331\" srcset=\"https:\/\/www.industri-sl.com\/wp-content\/uploads\/cortina-1-1-300x221.jpg 300w, https:\/\/www.industri-sl.com\/wp-content\/uploads\/cortina-1-1-768x565.jpg 768w, https:\/\/www.industri-sl.com\/wp-content\/uploads\/cortina-1-1.jpg 800w\" sizes=\"auto, (max-width: 450px) 100vw, 450px\" \/><\/p>\n<p>Ces rideaux \u00e0 <strong>enroulement manuel<\/strong> montrent le symbole scolaire et sont fabriqu\u00e9s dans un mat\u00e9riel r\u00e9flecteur. Ils sont plac\u00e9s aussi bien \u00e0 l\u2019arri\u00e8re qu\u2019\u00e0 l\u2019avant de l\u2019autobus. Ils peuvent \u00eatre incorpor\u00e9s \u00e0 un boitier en pvc pour mieux prot\u00e9ger le tissu et <strong>am\u00e9liorer l\u2019esth\u00e9tique<\/strong>. Ils peuvent aussi \u00eatre \u00e0 enroulement ascendant ou descendant.<\/p>\n<ul>\n<li><strong>Disponible dans deux dimensions:<\/strong> rideau enrouleur 360 x 360 mm (n\u00ba d\u2019homologation V10.080) et rideau enrouleur 200 x 200 mm (n\u00ba d\u2019homologation V10.083).<\/li>\n<li>Ils se composent d\u2019un film souple en pvc de type <strong>r\u00e9tror\u00e9flecteur microprismatique de niveau 2<\/strong>, avec une s\u00e9rigraphie, soud\u00e9 \u00e0 un film calandr\u00e9 de 0,28 mm d\u2019\u00e9paisseur, enti\u00e8rement en pvc.<\/li>\n<li>Les rideaux enrouleurs scolaires avec boitier sont dot\u00e9s d\u2019un m\u00e9canisme de freinage et d\u2019un cordon pour l\u2019enroulement\/d\u00e9roulement qui peut \u00eatre situ\u00e9 <strong>\u00e0 gauche ou \u00e0 droite.<\/strong><\/li>\n<li>Ils peuvent \u00eatre fabriqu\u00e9s sans boitier lorsqu\u2019ils sont int\u00e9gr\u00e9s dans le montant de l\u2019autobus.<\/li>\n<li><strong>Ils sont <strong>fix\u00e9s aux vitres<\/strong> de l\u2019autobus au moyen d\u2019une ventouse situ\u00e9e dans la partie inf\u00e9rieure du rideau.<\/li>\n<\/ul>\n<h3 id=\"led\" class=\"ancla\">Rideaux de signalisation scolaire \u00e0 LED<\/h3>\n<p><img loading=\"lazy\" decoding=\"async\" class=\"alignright wp-image-2848\" src=\"https:\/\/www.industri-sl.com\/wp-content\/uploads\/cortina-escolar-led-1.jpg\" alt=\"Rideaux de signalisation scolaire \u00e0 LED pour autocars scolaires\" width=\"274\" height=\"330\" srcset=\"https:\/\/www.industri-sl.com\/wp-content\/uploads\/cortina-escolar-led-1.jpg 614w, https:\/\/www.industri-sl.com\/wp-content\/uploads\/cortina-escolar-led-1-249x300.jpg 249w\" sizes=\"auto, (max-width: 274px) 100vw, 274px\" \/><\/p>\n<p>Le signal V10 peut comporter un dispositif lumineux dans le pictogramme, <strong>qui doit s\u2019activer automatiquement<\/strong> lors de l\u2019ouverture des portes du v\u00e9hicule. Ce signal est disponible dans deux dimensions et en format souple ou rigide.<\/p>\n<p><a class=\"boton\" href=\"https:\/\/www.industri-sl.com\/fr\/transport\/autobus\/scolaire\/rideaux-led\/\">Plus d\u2019informations<\/a><br \/>\n&nbsp;<br \/>\n&nbsp;<br \/>\n&nbsp;<br \/>\n&nbsp;<br \/>\n&nbsp;<br \/>\n&nbsp;<br \/>\n&nbsp;<\/p>\n<div class=\"otras-piezas\">\n<h4>Nous fabriquons aussi d\u2019autres pi\u00e8ces sur mesure:<\/h4>\n<div><a class=\"boton gris\" href=\"https:\/\/www.industri-sl.com\/fr\/transport\/autobus\/retroviseurs\/\">R\u00e9troviseurs<\/a><a class=\"boton gris\" href=\"https:\/\/www.industri-sl.com\/fr\/transport\/autobus\/charnieres\/\">Charni\u00e8res<\/a><a class=\"boton gris\" href=\"https:\/\/www.industri-sl.com\/fr\/transport\/autobus\/trappes-carburant\/\">Trappes \u00e0 carburant<\/a><a class=\"boton gris\" href=\"https:\/\/www.industri-sl.com\/fr\/transport\/autobus\/autres\/\">Accessoires<\/a><a class=\"boton gris\" href=\"https:\/\/www.industri-sl.com\/fr\/transport\/autobus\/enjoliveurs\/\">Enjoliveurs<\/a><a class=\"boton gris\" href=\"https:\/\/www.industri-sl.com\/fr\/transport\/autobus\/toits-ouvrants\/\">Toits ouvrants<\/a><\/div>\n<\/div>\n","protected":false},"excerpt":{"rendered":"<p>Fabrication sur mesure pour autocars scolaires INDUSTRI fabrique tout type d\u2019accessoires sur mesure pour les autobus scolaires: rideaux, r\u00e9troviseurs, toits ouvrants, charni\u00e8res, enjoliveurs ou repose-pieds. De plus, en application de la r\u00e9glementation sur le transport scolaire, nous fabriquons aussi le signal V10, obligatoire sur les v\u00e9hicules transportant des \u00e9coliers. Cette plaque r\u00e9flectrice ou rideau de [&hellip;]<\/p>\n","protected":false},"author":3,"featured_media":0,"parent":9247,"menu_order":0,"comment_status":"closed","ping_status":"closed","template":"page-vehiculos.php","meta":{"footnotes":""},"class_list":["post-9251","page","type-page","status-publish","hentry"],"yoast_head":"<!-- This site is optimized with the Yoast SEO plugin v27.5 - https:\/\/yoast.com\/product\/yoast-seo-wordpress\/ -->\n<title>Fabrication de pi\u00e8ces sur mesure pour autobus scolaire- INDUSTRI<\/title>\n<meta name=\"description\" content=\"INDUSTRI fabrique tout type d\u2019accessoires sur mesure pour les autobus scolaires : rideaux, r\u00e9troviseurs, toits ouvrants, charni\u00e8res ou repose-pieds.\" \/>\n<meta name=\"robots\" content=\"index, follow, max-snippet:-1, max-image-preview:large, max-video-preview:-1\" \/>\n<link rel=\"canonical\" href=\"https:\/\/www.industri-sl.com\/fr\/transport\/autobus\/scolaire\/\" \/>\n<meta property=\"og:locale\" content=\"fr_FR\" \/>\n<meta property=\"og:type\" content=\"article\" \/>\n<meta property=\"og:title\" content=\"Fabrication de pi\u00e8ces sur mesure pour autobus scolaire- INDUSTRI\" \/>\n<meta property=\"og:description\" content=\"INDUSTRI fabrique tout type d\u2019accessoires sur mesure pour les autobus scolaires : rideaux, r\u00e9troviseurs, toits ouvrants, charni\u00e8res ou repose-pieds.\" \/>\n<meta property=\"og:url\" content=\"https:\/\/www.industri-sl.com\/fr\/transport\/autobus\/scolaire\/\" \/>\n<meta property=\"og:site_name\" content=\"Industri SL\" \/>\n<meta property=\"article:modified_time\" content=\"2025-03-31T10:34:21+00:00\" \/>\n<meta property=\"og:image\" content=\"https:\/\/www.industri-sl.com\/wp-content\/uploads\/cortina-autobus-escolar-rigida-1-300x216.jpg\" \/>\n<meta name=\"twitter:card\" content=\"summary_large_image\" \/>\n<meta name=\"twitter:label1\" content=\"Dur\u00e9e de lecture estim\u00e9e\" \/>\n\t<meta name=\"twitter:data1\" content=\"4 minutes\" \/>\n<script type=\"application\/ld+json\" class=\"yoast-schema-graph\">{\"@context\":\"https:\\\/\\\/schema.org\",\"@graph\":[{\"@type\":\"WebPage\",\"@id\":\"https:\\\/\\\/www.industri-sl.com\\\/fr\\\/transport\\\/autobus\\\/scolaire\\\/\",\"url\":\"https:\\\/\\\/www.industri-sl.com\\\/fr\\\/transport\\\/autobus\\\/scolaire\\\/\",\"name\":\"Fabrication de pi\u00e8ces sur mesure pour autobus scolaire- INDUSTRI\",\"isPartOf\":{\"@id\":\"https:\\\/\\\/www.industri-sl.com\\\/fr\\\/#website\"},\"primaryImageOfPage\":{\"@id\":\"https:\\\/\\\/www.industri-sl.com\\\/fr\\\/transport\\\/autobus\\\/scolaire\\\/#primaryimage\"},\"image\":{\"@id\":\"https:\\\/\\\/www.industri-sl.com\\\/fr\\\/transport\\\/autobus\\\/scolaire\\\/#primaryimage\"},\"thumbnailUrl\":\"https:\\\/\\\/www.industri-sl.com\\\/wp-content\\\/uploads\\\/cortina-autobus-escolar-rigida-1-300x216.jpg\",\"datePublished\":\"2019-10-25T08:46:51+00:00\",\"dateModified\":\"2025-03-31T10:34:21+00:00\",\"description\":\"INDUSTRI fabrique tout type d\u2019accessoires sur mesure pour les autobus scolaires : rideaux, r\u00e9troviseurs, toits ouvrants, charni\u00e8res ou repose-pieds.\",\"breadcrumb\":{\"@id\":\"https:\\\/\\\/www.industri-sl.com\\\/fr\\\/transport\\\/autobus\\\/scolaire\\\/#breadcrumb\"},\"inLanguage\":\"fr-FR\",\"potentialAction\":[{\"@type\":\"ReadAction\",\"target\":[\"https:\\\/\\\/www.industri-sl.com\\\/fr\\\/transport\\\/autobus\\\/scolaire\\\/\"]}]},{\"@type\":\"ImageObject\",\"inLanguage\":\"fr-FR\",\"@id\":\"https:\\\/\\\/www.industri-sl.com\\\/fr\\\/transport\\\/autobus\\\/scolaire\\\/#primaryimage\",\"url\":\"https:\\\/\\\/www.industri-sl.com\\\/wp-content\\\/uploads\\\/cortina-autobus-escolar-rigida-1-300x216.jpg\",\"contentUrl\":\"https:\\\/\\\/www.industri-sl.com\\\/wp-content\\\/uploads\\\/cortina-autobus-escolar-rigida-1-300x216.jpg\"},{\"@type\":\"BreadcrumbList\",\"@id\":\"https:\\\/\\\/www.industri-sl.com\\\/fr\\\/transport\\\/autobus\\\/scolaire\\\/#breadcrumb\",\"itemListElement\":[{\"@type\":\"ListItem\",\"position\":1,\"name\":\"Inicio\",\"item\":\"https:\\\/\\\/www.industri-sl.com\\\/fr\\\/\"},{\"@type\":\"ListItem\",\"position\":2,\"name\":\"Division Transport\",\"item\":\"https:\\\/\\\/www.industri-sl.com\\\/fr\\\/transport\\\/\"},{\"@type\":\"ListItem\",\"position\":3,\"name\":\"Fabrication sur mesure pour les autobus\",\"item\":\"https:\\\/\\\/www.industri-sl.com\\\/fr\\\/transport\\\/autobus\\\/\"},{\"@type\":\"ListItem\",\"position\":4,\"name\":\"Rideaux pour autobus scolaire\"}]},{\"@type\":\"WebSite\",\"@id\":\"https:\\\/\\\/www.industri-sl.com\\\/fr\\\/#website\",\"url\":\"https:\\\/\\\/www.industri-sl.com\\\/fr\\\/\",\"name\":\"Industri SL\",\"description\":\"\",\"publisher\":{\"@id\":\"https:\\\/\\\/www.industri-sl.com\\\/fr\\\/#organization\"},\"potentialAction\":[{\"@type\":\"SearchAction\",\"target\":{\"@type\":\"EntryPoint\",\"urlTemplate\":\"https:\\\/\\\/www.industri-sl.com\\\/fr\\\/?s={search_term_string}\"},\"query-input\":{\"@type\":\"PropertyValueSpecification\",\"valueRequired\":true,\"valueName\":\"search_term_string\"}}],\"inLanguage\":\"fr-FR\"},{\"@type\":\"Organization\",\"@id\":\"https:\\\/\\\/www.industri-sl.com\\\/fr\\\/#organization\",\"name\":\"Industri SL\",\"url\":\"https:\\\/\\\/www.industri-sl.com\\\/fr\\\/\",\"logo\":{\"@type\":\"ImageObject\",\"inLanguage\":\"fr-FR\",\"@id\":\"https:\\\/\\\/www.industri-sl.com\\\/fr\\\/#\\\/schema\\\/logo\\\/image\\\/\",\"url\":\"https:\\\/\\\/www.industri-sl.com\\\/wp-content\\\/uploads\\\/industri-logo.png\",\"contentUrl\":\"https:\\\/\\\/www.industri-sl.com\\\/wp-content\\\/uploads\\\/industri-logo.png\",\"width\":248,\"height\":45,\"caption\":\"Industri SL\"},\"image\":{\"@id\":\"https:\\\/\\\/www.industri-sl.com\\\/fr\\\/#\\\/schema\\\/logo\\\/image\\\/\"}}]}<\/script>\n<!-- \/ Yoast SEO plugin. -->","yoast_head_json":{"title":"Fabrication de pi\u00e8ces sur mesure pour autobus scolaire- INDUSTRI","description":"INDUSTRI fabrique tout type d\u2019accessoires sur mesure pour les autobus scolaires : rideaux, r\u00e9troviseurs, toits ouvrants, charni\u00e8res ou repose-pieds.","robots":{"index":"index","follow":"follow","max-snippet":"max-snippet:-1","max-image-preview":"max-image-preview:large","max-video-preview":"max-video-preview:-1"},"canonical":"https:\/\/www.industri-sl.com\/fr\/transport\/autobus\/scolaire\/","og_locale":"fr_FR","og_type":"article","og_title":"Fabrication de pi\u00e8ces sur mesure pour autobus scolaire- INDUSTRI","og_description":"INDUSTRI fabrique tout type d\u2019accessoires sur mesure pour les autobus scolaires : rideaux, r\u00e9troviseurs, toits ouvrants, charni\u00e8res ou repose-pieds.","og_url":"https:\/\/www.industri-sl.com\/fr\/transport\/autobus\/scolaire\/","og_site_name":"Industri SL","article_modified_time":"2025-03-31T10:34:21+00:00","og_image":[{"url":"https:\/\/www.industri-sl.com\/wp-content\/uploads\/cortina-autobus-escolar-rigida-1-300x216.jpg","type":"","width":"","height":""}],"twitter_card":"summary_large_image","twitter_misc":{"Dur\u00e9e de lecture estim\u00e9e":"4 minutes"},"schema":{"@context":"https:\/\/schema.org","@graph":[{"@type":"WebPage","@id":"https:\/\/www.industri-sl.com\/fr\/transport\/autobus\/scolaire\/","url":"https:\/\/www.industri-sl.com\/fr\/transport\/autobus\/scolaire\/","name":"Fabrication de pi\u00e8ces sur mesure pour autobus scolaire- INDUSTRI","isPartOf":{"@id":"https:\/\/www.industri-sl.com\/fr\/#website"},"primaryImageOfPage":{"@id":"https:\/\/www.industri-sl.com\/fr\/transport\/autobus\/scolaire\/#primaryimage"},"image":{"@id":"https:\/\/www.industri-sl.com\/fr\/transport\/autobus\/scolaire\/#primaryimage"},"thumbnailUrl":"https:\/\/www.industri-sl.com\/wp-content\/uploads\/cortina-autobus-escolar-rigida-1-300x216.jpg","datePublished":"2019-10-25T08:46:51+00:00","dateModified":"2025-03-31T10:34:21+00:00","description":"INDUSTRI fabrique tout type d\u2019accessoires sur mesure pour les autobus scolaires : rideaux, r\u00e9troviseurs, toits ouvrants, charni\u00e8res ou repose-pieds.","breadcrumb":{"@id":"https:\/\/www.industri-sl.com\/fr\/transport\/autobus\/scolaire\/#breadcrumb"},"inLanguage":"fr-FR","potentialAction":[{"@type":"ReadAction","target":["https:\/\/www.industri-sl.com\/fr\/transport\/autobus\/scolaire\/"]}]},{"@type":"ImageObject","inLanguage":"fr-FR","@id":"https:\/\/www.industri-sl.com\/fr\/transport\/autobus\/scolaire\/#primaryimage","url":"https:\/\/www.industri-sl.com\/wp-content\/uploads\/cortina-autobus-escolar-rigida-1-300x216.jpg","contentUrl":"https:\/\/www.industri-sl.com\/wp-content\/uploads\/cortina-autobus-escolar-rigida-1-300x216.jpg"},{"@type":"BreadcrumbList","@id":"https:\/\/www.industri-sl.com\/fr\/transport\/autobus\/scolaire\/#breadcrumb","itemListElement":[{"@type":"ListItem","position":1,"name":"Inicio","item":"https:\/\/www.industri-sl.com\/fr\/"},{"@type":"ListItem","position":2,"name":"Division Transport","item":"https:\/\/www.industri-sl.com\/fr\/transport\/"},{"@type":"ListItem","position":3,"name":"Fabrication sur mesure pour les autobus","item":"https:\/\/www.industri-sl.com\/fr\/transport\/autobus\/"},{"@type":"ListItem","position":4,"name":"Rideaux pour autobus scolaire"}]},{"@type":"WebSite","@id":"https:\/\/www.industri-sl.com\/fr\/#website","url":"https:\/\/www.industri-sl.com\/fr\/","name":"Industri SL","description":"","publisher":{"@id":"https:\/\/www.industri-sl.com\/fr\/#organization"},"potentialAction":[{"@type":"SearchAction","target":{"@type":"EntryPoint","urlTemplate":"https:\/\/www.industri-sl.com\/fr\/?s={search_term_string}"},"query-input":{"@type":"PropertyValueSpecification","valueRequired":true,"valueName":"search_term_string"}}],"inLanguage":"fr-FR"},{"@type":"Organization","@id":"https:\/\/www.industri-sl.com\/fr\/#organization","name":"Industri SL","url":"https:\/\/www.industri-sl.com\/fr\/","logo":{"@type":"ImageObject","inLanguage":"fr-FR","@id":"https:\/\/www.industri-sl.com\/fr\/#\/schema\/logo\/image\/","url":"https:\/\/www.industri-sl.com\/wp-content\/uploads\/industri-logo.png","contentUrl":"https:\/\/www.industri-sl.com\/wp-content\/uploads\/industri-logo.png","width":248,"height":45,"caption":"Industri SL"},"image":{"@id":"https:\/\/www.industri-sl.com\/fr\/#\/schema\/logo\/image\/"}}]}},"_links":{"self":[{"href":"https:\/\/www.industri-sl.com\/fr\/wp-json\/wp\/v2\/pages\/9251","targetHints":{"allow":["GET"]}}],"collection":[{"href":"https:\/\/www.industri-sl.com\/fr\/wp-json\/wp\/v2\/pages"}],"about":[{"href":"https:\/\/www.industri-sl.com\/fr\/wp-json\/wp\/v2\/types\/page"}],"author":[{"embeddable":true,"href":"https:\/\/www.industri-sl.com\/fr\/wp-json\/wp\/v2\/users\/3"}],"replies":[{"embeddable":true,"href":"https:\/\/www.industri-sl.com\/fr\/wp-json\/wp\/v2\/comments?post=9251"}],"version-history":[{"count":0,"href":"https:\/\/www.industri-sl.com\/fr\/wp-json\/wp\/v2\/pages\/9251\/revisions"}],"up":[{"embeddable":true,"href":"https:\/\/www.industri-sl.com\/fr\/wp-json\/wp\/v2\/pages\/9247"}],"wp:attachment":[{"href":"https:\/\/www.industri-sl.com\/fr\/wp-json\/wp\/v2\/media?parent=9251"}],"curies":[{"name":"wp","href":"https:\/\/api.w.org\/{rel}","templated":true}]}}