{"id":9211,"date":"2019-10-02T13:01:25","date_gmt":"2019-10-02T11:01:25","guid":{"rendered":"https:\/\/www.industri-sl.com\/transport\/pieces-detachees\/autobus\/irizar\/reposapies\/"},"modified":"2025-03-31T12:44:56","modified_gmt":"2025-03-31T10:44:56","slug":"repose-pieds","status":"publish","type":"page","link":"https:\/\/www.industri-sl.com\/fr\/transport\/pieces-detachees\/autobus\/irizar\/repose-pieds\/","title":{"rendered":"Pi\u00e8ces de rechange pour repose-pieds Irizar"},"content":{"rendered":"<h2>Pi\u00e8ces d\u00e9tach\u00e9es et accessoires pour repose-pieds Irizar<\/h2>\n<p>Ces repose-pieds sont <a href=\"https:\/\/www.industri-sl.com\/fr\/ingenierie\/\">con\u00e7us en exclusivit\u00e9<\/a> pour la compagnie Irizar et offrent tout le confort requis pour un voyage de longue dur\u00e9e.<\/p>\n<p>Le repose-pied s\u2019int\u00e8gre dans le panneau frontal qui fait face au si\u00e8ge du guide dans les autobus et minibus. Afin de permettre le passage fluide des usagers, le repose-pied peut se replier parall\u00e8lement au panneau frontal. Quand elle est utilis\u00e9e, la pi\u00e8ce ancr\u00e9e au panneau frontal supporte la pression exerc\u00e9e par le ressort de pliage et le propre utilisateur. Ces repose-pieds pr\u00e9sentent une <strong>structure et un design robustes<\/strong> qui permettent un ancrage r\u00e9sistant au panneau frontal du si\u00e8ge-guide.<\/p>\n<div class=\"slider-gallery-wrapper \"><div class=\"slider-gallery\"><div id=\"sliderify-carousel-1\" class=\"owl-carousel\"><div class=\"sliderify-owl-item-inner\"><img decoding=\"async\" src=\"https:\/\/www.industri-sl.com\/wp-content\/uploads\/reposapies-1-2.jpg\"><\/div><div class=\"sliderify-owl-item-inner\"><img decoding=\"async\" src=\"https:\/\/www.industri-sl.com\/wp-content\/uploads\/reposapies-2-2.jpg\"><\/div><\/div><!-- .owl-carousel --><\/div><!-- .slider-gallery --><\/div><!-- .slider-gallery-wrapper --><script>\n\t\t\tjQuery(document).ready(function($){\n\t\t\t\tcarousel1 = $('#sliderify-carousel-1');\ncarousel1.imagesLoaded(function(){carousel1.owlCarousel({items:2,\nstagePadding:0,\nnav:1,\nnavText:['<span><\/span><span><\/span>','<span><\/span><span><\/span>'],\ncenter:1,\nloop:1,\nmargin:0,\nautoWidth:false,\nautoHeight:true,\nstageOuterClass:'sliderify-stage-outer',\nstageClass:'sliderify-stage',\nnavContainerClass:'sliderify-nav',\ncontrolsClass:'sliderify-controls',\ndotsClass:'sliderify-dots',\ndotClass:'sliderify-dot',\nonInitialized:function(event){\n\t\t\t\tconsole.log('init');\n\t\t\t},\n});});\n});\n\t\t\t<\/script>\n<div class=\"otras-piezas\">\n<h4>Nous travaillons avec les mod\u00e8les d\u2019autobus Irizar suivants:<\/h4>\n<div><a class=\"boton gris\" href=\"https:\/\/www.industri-sl.com\/fr\/transport\/pieces-detachees\/autobus\/irizar\/century\/\">Irizar Century<\/a><a class=\"boton gris\" href=\"https:\/\/www.industri-sl.com\/fr\/transport\/pieces-detachees\/autobus\/irizar\/i4\/\">Irizar I4<\/a><a class=\"boton gris\" href=\"https:\/\/www.industri-sl.com\/fr\/transport\/pieces-detachees\/autobus\/irizar\/i6\/\">Irizar i6<\/a><a class=\"boton gris\" href=\"https:\/\/www.industri-sl.com\/fr\/transport\/pieces-detachees\/autobus\/irizar\/i8\/\">Irizar i8<\/a><a class=\"boton gris\" href=\"https:\/\/www.industri-sl.com\/fr\/transport\/pieces-detachees\/autobus\/irizar\/pb\/\">Irizar Pb<\/a><\/div>\n<\/div>\n<div class=\"modelos\">\n<h4>Autres pi\u00e8ces de rechange que nous fabriquons pour Irizar:<\/h4>\n<div class=\"flex\">\n<a href=\"https:\/\/www.industri-sl.com\/fr\/transport\/pieces-detachees\/autobus\/irizar\/rideaux\/\"><img loading=\"lazy\" decoding=\"async\" class=\"alignnone size-medium wp-image-778\" src=\"https:\/\/www.industri-sl.com\/wp-content\/uploads\/cortina-electrica-enrollable-1-300x225.jpg\" alt=\"Rideaux de rechange pour Irizar\" width=\"300\" height=\"225\" srcset=\"https:\/\/www.industri-sl.com\/wp-content\/uploads\/cortina-electrica-enrollable-1-300x225.jpg 300w, https:\/\/www.industri-sl.com\/wp-content\/uploads\/cortina-electrica-enrollable-1-768x576.jpg 768w, https:\/\/www.industri-sl.com\/wp-content\/uploads\/cortina-electrica-enrollable-1.jpg 800w\" sizes=\"auto, (max-width: 300px) 100vw, 300px\" \/><br \/>\n<span>Rideaux<\/span><\/a><br \/>\n<a href=\"https:\/\/www.industri-sl.com\/fr\/transport\/pieces-detachees\/autobus\/irizar\/charnieres\/\"><img loading=\"lazy\" decoding=\"async\" class=\"alignnone size-medium wp-image-807\" src=\"https:\/\/www.industri-sl.com\/wp-content\/uploads\/i8-curvada-2-2-300x216.jpg\" alt=\"Charni\u00e8res de rechange pour Irizarr\" width=\"300\" height=\"216\" srcset=\"https:\/\/www.industri-sl.com\/wp-content\/uploads\/i8-curvada-2-2-300x216.jpg 300w, https:\/\/www.industri-sl.com\/wp-content\/uploads\/i8-curvada-2-2-768x552.jpg 768w, https:\/\/www.industri-sl.com\/wp-content\/uploads\/i8-curvada-2-2.jpg 800w\" sizes=\"auto, (max-width: 300px) 100vw, 300px\" \/><br \/>\n<span>Charni\u00e8res<\/span><\/a><br \/>\n<a href=\"https:\/\/www.industri-sl.com\/fr\/transport\/pieces-detachees\/autobus\/irizar\/toits-ouvrants\/\"><img loading=\"lazy\" decoding=\"async\" class=\"alignnone wp-image-1804 size-medium\" src=\"https:\/\/www.industri-sl.com\/wp-content\/uploads\/ventana-techo-pb-i6-3-300x216.jpg\" alt=\"Toits ouvrants de rechange pour Irizar\" width=\"300\" height=\"216\" srcset=\"https:\/\/www.industri-sl.com\/wp-content\/uploads\/ventana-techo-pb-i6-3-300x216.jpg 300w, https:\/\/www.industri-sl.com\/wp-content\/uploads\/ventana-techo-pb-i6-3-768x552.jpg 768w, https:\/\/www.industri-sl.com\/wp-content\/uploads\/ventana-techo-pb-i6-3.jpg 800w\" sizes=\"auto, (max-width: 300px) 100vw, 300px\" \/><br \/>\n<span>Toits ouvrants<\/span><\/a><br \/>\n<a href=\"https:\/\/www.industri-sl.com\/fr\/transport\/pieces-detachees\/autobus\/irizar\/retroviseurs\/\"><img loading=\"lazy\" decoding=\"async\" class=\"alignnone wp-image-1596 size-medium\" src=\"https:\/\/www.industri-sl.com\/wp-content\/uploads\/espejo-i6-2-2-300x216.jpg\" alt=\"R\u00e9troviseurs de rechange pour Irizar\" width=\"300\" height=\"216\" srcset=\"https:\/\/www.industri-sl.com\/wp-content\/uploads\/espejo-i6-2-2-300x216.jpg 300w, https:\/\/www.industri-sl.com\/wp-content\/uploads\/espejo-i6-2-2-768x552.jpg 768w, https:\/\/www.industri-sl.com\/wp-content\/uploads\/espejo-i6-2-2.jpg 800w\" sizes=\"auto, (max-width: 300px) 100vw, 300px\" \/><br \/>\n<span>R\u00e9troviseurs<\/span><\/a>\n<\/div>\n<\/div>\n","protected":false},"excerpt":{"rendered":"<p>Pi\u00e8ces d\u00e9tach\u00e9es et accessoires pour repose-pieds Irizar Ces repose-pieds sont con\u00e7us en exclusivit\u00e9 pour la compagnie Irizar et offrent tout le confort requis pour un voyage de longue dur\u00e9e. Le repose-pied s\u2019int\u00e8gre dans le panneau frontal qui fait face au si\u00e8ge du guide dans les autobus et minibus. Afin de permettre le passage fluide des [&hellip;]<\/p>\n","protected":false},"author":3,"featured_media":0,"parent":9191,"menu_order":0,"comment_status":"closed","ping_status":"closed","template":"page-vehiculos.php","meta":{"footnotes":""},"class_list":["post-9211","page","type-page","status-publish","hentry"],"yoast_head":"<!-- This site is optimized with the Yoast SEO plugin v27.5 - https:\/\/yoast.com\/product\/yoast-seo-wordpress\/ -->\n<title>Repose-pieds de rechange pour autobus Irizar - INDUSTRI<\/title>\n<meta name=\"description\" content=\"INDUSTRI fabrique des repose-pieds de rechange sur mesure pour les autobus Irizar, en nous adaptant toujours aux besoins de chaque client.\" \/>\n<meta name=\"robots\" content=\"index, follow, max-snippet:-1, max-image-preview:large, max-video-preview:-1\" \/>\n<link rel=\"canonical\" href=\"https:\/\/www.industri-sl.com\/fr\/transport\/pieces-detachees\/autobus\/irizar\/repose-pieds\/\" \/>\n<meta property=\"og:locale\" content=\"fr_FR\" \/>\n<meta property=\"og:type\" content=\"article\" \/>\n<meta property=\"og:title\" content=\"Repose-pieds de rechange pour autobus Irizar - INDUSTRI\" \/>\n<meta property=\"og:description\" content=\"INDUSTRI fabrique des repose-pieds de rechange sur mesure pour les autobus Irizar, en nous adaptant toujours aux besoins de chaque client.\" \/>\n<meta property=\"og:url\" content=\"https:\/\/www.industri-sl.com\/fr\/transport\/pieces-detachees\/autobus\/irizar\/repose-pieds\/\" \/>\n<meta property=\"og:site_name\" content=\"Industri SL\" \/>\n<meta property=\"article:modified_time\" content=\"2025-03-31T10:44:56+00:00\" \/>\n<meta property=\"og:image\" content=\"https:\/\/www.industri-sl.com\/wp-content\/uploads\/reposapies-1-2.jpg\" \/>\n<meta name=\"twitter:card\" content=\"summary_large_image\" \/>\n<meta name=\"twitter:label1\" content=\"Dur\u00e9e de lecture estim\u00e9e\" \/>\n\t<meta name=\"twitter:data1\" content=\"2 minutes\" \/>\n<script type=\"application\/ld+json\" class=\"yoast-schema-graph\">{\"@context\":\"https:\\\/\\\/schema.org\",\"@graph\":[{\"@type\":\"WebPage\",\"@id\":\"https:\\\/\\\/www.industri-sl.com\\\/fr\\\/transport\\\/pieces-detachees\\\/autobus\\\/irizar\\\/repose-pieds\\\/\",\"url\":\"https:\\\/\\\/www.industri-sl.com\\\/fr\\\/transport\\\/pieces-detachees\\\/autobus\\\/irizar\\\/repose-pieds\\\/\",\"name\":\"Repose-pieds de rechange pour autobus Irizar - INDUSTRI\",\"isPartOf\":{\"@id\":\"https:\\\/\\\/www.industri-sl.com\\\/fr\\\/#website\"},\"primaryImageOfPage\":{\"@id\":\"https:\\\/\\\/www.industri-sl.com\\\/fr\\\/transport\\\/pieces-detachees\\\/autobus\\\/irizar\\\/repose-pieds\\\/#primaryimage\"},\"image\":{\"@id\":\"https:\\\/\\\/www.industri-sl.com\\\/fr\\\/transport\\\/pieces-detachees\\\/autobus\\\/irizar\\\/repose-pieds\\\/#primaryimage\"},\"thumbnailUrl\":\"https:\\\/\\\/www.industri-sl.com\\\/wp-content\\\/uploads\\\/cortina-electrica-enrollable-1-300x225.jpg\",\"datePublished\":\"2019-10-02T11:01:25+00:00\",\"dateModified\":\"2025-03-31T10:44:56+00:00\",\"description\":\"INDUSTRI fabrique des repose-pieds de rechange sur mesure pour les autobus Irizar, en nous adaptant toujours aux besoins de chaque client.\",\"breadcrumb\":{\"@id\":\"https:\\\/\\\/www.industri-sl.com\\\/fr\\\/transport\\\/pieces-detachees\\\/autobus\\\/irizar\\\/repose-pieds\\\/#breadcrumb\"},\"inLanguage\":\"fr-FR\",\"potentialAction\":[{\"@type\":\"ReadAction\",\"target\":[\"https:\\\/\\\/www.industri-sl.com\\\/fr\\\/transport\\\/pieces-detachees\\\/autobus\\\/irizar\\\/repose-pieds\\\/\"]}]},{\"@type\":\"ImageObject\",\"inLanguage\":\"fr-FR\",\"@id\":\"https:\\\/\\\/www.industri-sl.com\\\/fr\\\/transport\\\/pieces-detachees\\\/autobus\\\/irizar\\\/repose-pieds\\\/#primaryimage\",\"url\":\"https:\\\/\\\/www.industri-sl.com\\\/wp-content\\\/uploads\\\/cortina-electrica-enrollable-1-300x225.jpg\",\"contentUrl\":\"https:\\\/\\\/www.industri-sl.com\\\/wp-content\\\/uploads\\\/cortina-electrica-enrollable-1-300x225.jpg\"},{\"@type\":\"BreadcrumbList\",\"@id\":\"https:\\\/\\\/www.industri-sl.com\\\/fr\\\/transport\\\/pieces-detachees\\\/autobus\\\/irizar\\\/repose-pieds\\\/#breadcrumb\",\"itemListElement\":[{\"@type\":\"ListItem\",\"position\":1,\"name\":\"Inicio\",\"item\":\"https:\\\/\\\/www.industri-sl.com\\\/fr\\\/\"},{\"@type\":\"ListItem\",\"position\":2,\"name\":\"Division Transport\",\"item\":\"https:\\\/\\\/www.industri-sl.com\\\/fr\\\/transport\\\/\"},{\"@type\":\"ListItem\",\"position\":3,\"name\":\"Catalogue de pi\u00e8ces d\u00e9tach\u00e9es\",\"item\":\"https:\\\/\\\/www.industri-sl.com\\\/fr\\\/transport\\\/pieces-detachees\\\/\"},{\"@type\":\"ListItem\",\"position\":4,\"name\":\"Pi\u00e8ces de rechange et accessoires pour autobus\",\"item\":\"https:\\\/\\\/www.industri-sl.com\\\/fr\\\/transport\\\/pieces-detachees\\\/autobus\\\/\"},{\"@type\":\"ListItem\",\"position\":5,\"name\":\"Pi\u00e8ces de rechange pour autobus Irizar\",\"item\":\"https:\\\/\\\/www.industri-sl.com\\\/fr\\\/transport\\\/pieces-detachees\\\/autobus\\\/irizar\\\/\"},{\"@type\":\"ListItem\",\"position\":6,\"name\":\"Pi\u00e8ces de rechange pour repose-pieds Irizar\"}]},{\"@type\":\"WebSite\",\"@id\":\"https:\\\/\\\/www.industri-sl.com\\\/fr\\\/#website\",\"url\":\"https:\\\/\\\/www.industri-sl.com\\\/fr\\\/\",\"name\":\"Industri SL\",\"description\":\"\",\"publisher\":{\"@id\":\"https:\\\/\\\/www.industri-sl.com\\\/fr\\\/#organization\"},\"potentialAction\":[{\"@type\":\"SearchAction\",\"target\":{\"@type\":\"EntryPoint\",\"urlTemplate\":\"https:\\\/\\\/www.industri-sl.com\\\/fr\\\/?s={search_term_string}\"},\"query-input\":{\"@type\":\"PropertyValueSpecification\",\"valueRequired\":true,\"valueName\":\"search_term_string\"}}],\"inLanguage\":\"fr-FR\"},{\"@type\":\"Organization\",\"@id\":\"https:\\\/\\\/www.industri-sl.com\\\/fr\\\/#organization\",\"name\":\"Industri SL\",\"url\":\"https:\\\/\\\/www.industri-sl.com\\\/fr\\\/\",\"logo\":{\"@type\":\"ImageObject\",\"inLanguage\":\"fr-FR\",\"@id\":\"https:\\\/\\\/www.industri-sl.com\\\/fr\\\/#\\\/schema\\\/logo\\\/image\\\/\",\"url\":\"https:\\\/\\\/www.industri-sl.com\\\/wp-content\\\/uploads\\\/industri-logo.png\",\"contentUrl\":\"https:\\\/\\\/www.industri-sl.com\\\/wp-content\\\/uploads\\\/industri-logo.png\",\"width\":248,\"height\":45,\"caption\":\"Industri SL\"},\"image\":{\"@id\":\"https:\\\/\\\/www.industri-sl.com\\\/fr\\\/#\\\/schema\\\/logo\\\/image\\\/\"}}]}<\/script>\n<!-- \/ Yoast SEO plugin. -->","yoast_head_json":{"title":"Repose-pieds de rechange pour autobus Irizar - INDUSTRI","description":"INDUSTRI fabrique des repose-pieds de rechange sur mesure pour les autobus Irizar, en nous adaptant toujours aux besoins de chaque client.","robots":{"index":"index","follow":"follow","max-snippet":"max-snippet:-1","max-image-preview":"max-image-preview:large","max-video-preview":"max-video-preview:-1"},"canonical":"https:\/\/www.industri-sl.com\/fr\/transport\/pieces-detachees\/autobus\/irizar\/repose-pieds\/","og_locale":"fr_FR","og_type":"article","og_title":"Repose-pieds de rechange pour autobus Irizar - INDUSTRI","og_description":"INDUSTRI fabrique des repose-pieds de rechange sur mesure pour les autobus Irizar, en nous adaptant toujours aux besoins de chaque client.","og_url":"https:\/\/www.industri-sl.com\/fr\/transport\/pieces-detachees\/autobus\/irizar\/repose-pieds\/","og_site_name":"Industri SL","article_modified_time":"2025-03-31T10:44:56+00:00","og_image":[{"url":"https:\/\/www.industri-sl.com\/wp-content\/uploads\/reposapies-1-2.jpg","type":"","width":"","height":""}],"twitter_card":"summary_large_image","twitter_misc":{"Dur\u00e9e de lecture estim\u00e9e":"2 minutes"},"schema":{"@context":"https:\/\/schema.org","@graph":[{"@type":"WebPage","@id":"https:\/\/www.industri-sl.com\/fr\/transport\/pieces-detachees\/autobus\/irizar\/repose-pieds\/","url":"https:\/\/www.industri-sl.com\/fr\/transport\/pieces-detachees\/autobus\/irizar\/repose-pieds\/","name":"Repose-pieds de rechange pour autobus Irizar - INDUSTRI","isPartOf":{"@id":"https:\/\/www.industri-sl.com\/fr\/#website"},"primaryImageOfPage":{"@id":"https:\/\/www.industri-sl.com\/fr\/transport\/pieces-detachees\/autobus\/irizar\/repose-pieds\/#primaryimage"},"image":{"@id":"https:\/\/www.industri-sl.com\/fr\/transport\/pieces-detachees\/autobus\/irizar\/repose-pieds\/#primaryimage"},"thumbnailUrl":"https:\/\/www.industri-sl.com\/wp-content\/uploads\/cortina-electrica-enrollable-1-300x225.jpg","datePublished":"2019-10-02T11:01:25+00:00","dateModified":"2025-03-31T10:44:56+00:00","description":"INDUSTRI fabrique des repose-pieds de rechange sur mesure pour les autobus Irizar, en nous adaptant toujours aux besoins de chaque client.","breadcrumb":{"@id":"https:\/\/www.industri-sl.com\/fr\/transport\/pieces-detachees\/autobus\/irizar\/repose-pieds\/#breadcrumb"},"inLanguage":"fr-FR","potentialAction":[{"@type":"ReadAction","target":["https:\/\/www.industri-sl.com\/fr\/transport\/pieces-detachees\/autobus\/irizar\/repose-pieds\/"]}]},{"@type":"ImageObject","inLanguage":"fr-FR","@id":"https:\/\/www.industri-sl.com\/fr\/transport\/pieces-detachees\/autobus\/irizar\/repose-pieds\/#primaryimage","url":"https:\/\/www.industri-sl.com\/wp-content\/uploads\/cortina-electrica-enrollable-1-300x225.jpg","contentUrl":"https:\/\/www.industri-sl.com\/wp-content\/uploads\/cortina-electrica-enrollable-1-300x225.jpg"},{"@type":"BreadcrumbList","@id":"https:\/\/www.industri-sl.com\/fr\/transport\/pieces-detachees\/autobus\/irizar\/repose-pieds\/#breadcrumb","itemListElement":[{"@type":"ListItem","position":1,"name":"Inicio","item":"https:\/\/www.industri-sl.com\/fr\/"},{"@type":"ListItem","position":2,"name":"Division Transport","item":"https:\/\/www.industri-sl.com\/fr\/transport\/"},{"@type":"ListItem","position":3,"name":"Catalogue de pi\u00e8ces d\u00e9tach\u00e9es","item":"https:\/\/www.industri-sl.com\/fr\/transport\/pieces-detachees\/"},{"@type":"ListItem","position":4,"name":"Pi\u00e8ces de rechange et accessoires pour autobus","item":"https:\/\/www.industri-sl.com\/fr\/transport\/pieces-detachees\/autobus\/"},{"@type":"ListItem","position":5,"name":"Pi\u00e8ces de rechange pour autobus Irizar","item":"https:\/\/www.industri-sl.com\/fr\/transport\/pieces-detachees\/autobus\/irizar\/"},{"@type":"ListItem","position":6,"name":"Pi\u00e8ces de rechange pour repose-pieds Irizar"}]},{"@type":"WebSite","@id":"https:\/\/www.industri-sl.com\/fr\/#website","url":"https:\/\/www.industri-sl.com\/fr\/","name":"Industri SL","description":"","publisher":{"@id":"https:\/\/www.industri-sl.com\/fr\/#organization"},"potentialAction":[{"@type":"SearchAction","target":{"@type":"EntryPoint","urlTemplate":"https:\/\/www.industri-sl.com\/fr\/?s={search_term_string}"},"query-input":{"@type":"PropertyValueSpecification","valueRequired":true,"valueName":"search_term_string"}}],"inLanguage":"fr-FR"},{"@type":"Organization","@id":"https:\/\/www.industri-sl.com\/fr\/#organization","name":"Industri SL","url":"https:\/\/www.industri-sl.com\/fr\/","logo":{"@type":"ImageObject","inLanguage":"fr-FR","@id":"https:\/\/www.industri-sl.com\/fr\/#\/schema\/logo\/image\/","url":"https:\/\/www.industri-sl.com\/wp-content\/uploads\/industri-logo.png","contentUrl":"https:\/\/www.industri-sl.com\/wp-content\/uploads\/industri-logo.png","width":248,"height":45,"caption":"Industri SL"},"image":{"@id":"https:\/\/www.industri-sl.com\/fr\/#\/schema\/logo\/image\/"}}]}},"_links":{"self":[{"href":"https:\/\/www.industri-sl.com\/fr\/wp-json\/wp\/v2\/pages\/9211","targetHints":{"allow":["GET"]}}],"collection":[{"href":"https:\/\/www.industri-sl.com\/fr\/wp-json\/wp\/v2\/pages"}],"about":[{"href":"https:\/\/www.industri-sl.com\/fr\/wp-json\/wp\/v2\/types\/page"}],"author":[{"embeddable":true,"href":"https:\/\/www.industri-sl.com\/fr\/wp-json\/wp\/v2\/users\/3"}],"replies":[{"embeddable":true,"href":"https:\/\/www.industri-sl.com\/fr\/wp-json\/wp\/v2\/comments?post=9211"}],"version-history":[{"count":0,"href":"https:\/\/www.industri-sl.com\/fr\/wp-json\/wp\/v2\/pages\/9211\/revisions"}],"up":[{"embeddable":true,"href":"https:\/\/www.industri-sl.com\/fr\/wp-json\/wp\/v2\/pages\/9191"}],"wp:attachment":[{"href":"https:\/\/www.industri-sl.com\/fr\/wp-json\/wp\/v2\/media?parent=9211"}],"curies":[{"name":"wp","href":"https:\/\/api.w.org\/{rel}","templated":true}]}}