{"id":8786,"date":"2019-10-01T09:18:17","date_gmt":"2019-10-01T07:18:17","guid":{"rendered":"https:\/\/www.industri-sl.com\/transport\/bus\/ventanas\/"},"modified":"2025-05-21T14:18:21","modified_gmt":"2025-05-21T12:18:21","slug":"dachfenster","status":"publish","type":"page","link":"https:\/\/www.industri-sl.com\/de\/transport\/bus\/dachfenster\/","title":{"rendered":"Kundenspezifische Dachfenster f\u00fcr Busse"},"content":{"rendered":"<h2>Kundenspezifische Fertigung von Dachfenstern f\u00fcr Busse<\/h2>\n<p>Bei INDUSTRI <a href=\"https:\/\/www.industri-sl.com\/de\/ueber-uns\/\">entwerfen und fertigen wir<\/a> Dachfenster f\u00fcr Busse und Kleinbusse verschiedener Gr\u00f6\u00dfen und Modelle. Die Dachfenster von INDUSTRI sind dank ihres Polyurethankerns und ihrer Fertigung im Tiefziehverfahren von hoher mechanischer Festigkeit. <strong>Sie verf\u00fcgen zudem \u00fcber ein Not\u00f6ffnungssystem<\/strong> im Fall eines Kippsturzes des Fahrzeuges.<\/p>\n<p>Ziehschn\u00fcre im Innen des Fahrzeuges erm\u00f6glichen das \u00d6ffnen des Fensters von Hand zur Bel\u00fcftung des Busses; diese Oberlichter sind entweder mit elektrischer oder <strong>manueller Bet\u00e4tigung lieferbar<\/strong>.  <\/p>\n<h2>Welche Art Dachfenster fertigen wir?<\/h2>\n<div><a class=\"boton gris\" href=\"#mecanicas\">Mechanisch bet\u00e4tigte Dachfenster<\/a> <a class=\"boton gris\" href=\"#mecanismos\">Mechanismen und Rahmen<\/a><\/div>\n<div class=\"light-bg marcas\">\n\t<div class=\"flex\">\n\t\t<h2>unsere Kunden<\/h2>\n\n\t<\/div>\n\n\t<div class=\"flex\">\n\t\t<div class=\"caja\">\n\t\t\t<div class=\"flex marcas-logos\">\n\t\t\t\t<div><a href=\"https:\/\/www.industri-sl.com\/de\/transporte\/recambios\/tren\/caf\/\"><img decoding=\"async\" loading=\"lazy\" src=\"https:\/\/www.industri-sl.com\/wp-content\/themes\/industri\/img\/logo-caf.jpg\" alt=\"CAF\"><\/a><\/div>\n\t\t\t\t<div><a href=\"https:\/\/www.industri-sl.com\/de\/transporte\/recambios\/tren\/talgo\/\"><img decoding=\"async\" loading=\"lazy\" src=\"https:\/\/www.industri-sl.com\/wp-content\/themes\/industri\/img\/logo-talgo.jpg\" alt=\"Talgo\"><\/a><\/div>\n\t\t\t\t<div><img decoding=\"async\" loading=\"lazy\" src=\"https:\/\/www.industri-sl.com\/wp-content\/themes\/industri\/img\/logo-esg-rail.jpg\" alt=\"DBESGRail\"><\/div>\n\t\t\t<\/div>\n\t\t<\/div>\n\t<\/div>\n\t<div class=\"flex\">\n\t\t<div class=\"caja\">\n\t\t\t<div class=\"flex marcas-logos\">\n\t\t\t\t<div><a href=\"https:\/\/www.industri-sl.com\/de\/transporte\/recambios\/tren\/alstom\/\"><img decoding=\"async\" loading=\"lazy\" src=\"https:\/\/www.industri-sl.com\/wp-content\/themes\/industri\/img\/logo-alstom.jpg\" alt=\"ALSTOM\"><\/a><\/div>\n\t\t\t\t<div><img decoding=\"async\" loading=\"lazy\" src=\"https:\/\/www.industri-sl.com\/wp-content\/themes\/industri\/img\/logo-bombardier.jpg\" alt=\"Bombardier\"><\/div>\n\t\t\t\t<div><img decoding=\"async\" loading=\"lazy\" src=\"https:\/\/www.industri-sl.com\/wp-content\/themes\/industri\/img\/logo-stadler.jpg\" alt=\"Stadler\"><\/div>\n\t\t\t<\/div>\n\t\t<\/div>\n\t<\/div>\n\t<br>\n\t<a class=\"boton sin\" href=\"#formulario\">ANFRAGE ZUM ANGEBOT<\/a>\n<\/div>\n\n<h3 id=\"mecanicas\" class=\"ancla\">Mechanisch bet\u00e4tigte Dachfenster<\/h3>\n<p><img loading=\"lazy\" decoding=\"async\" class=\"alignright wp-image-2410\" src=\"https:\/\/www.industri-sl.com\/wp-content\/uploads\/ventana-mecanica-300x225.jpg\" alt=\"Kundenspezifische Fertigung von Dachfenstern f\u00fcr Busse\" width=\"300\" height=\"225\" srcset=\"https:\/\/www.industri-sl.com\/wp-content\/uploads\/ventana-mecanica-300x225.jpg 300w, https:\/\/www.industri-sl.com\/wp-content\/uploads\/ventana-mecanica-768x576.jpg 768w, https:\/\/www.industri-sl.com\/wp-content\/uploads\/ventana-mecanica.jpg 800w\" sizes=\"auto, (max-width: 300px) 100vw, 300px\" \/>INDUSTRI ist Hersteller mechanisch bet\u00e4tigter Dachfenster f\u00fcr Busse und Kleinbusse. <a href=\"https:\/\/www.industri-sl.com\/de\/ingenieurleistungen\/\">Jedes Fenster wird spezifisch gem\u00e4\u00df den Anforderungen<\/a> des jeweiligen Busses gefertigt und verf\u00fcgt \u00fcber ein Notausgangssystem.<\/p>\n<p>Durch einen<strong> manuell bet\u00e4tigten Nothebel wird<\/strong> die \u00d6ffnungsmechanik des Dachfensters freigegeben, wodurch eine L\u00fccke zur Evakuierung der Fahrg\u00e4ste entsteht.<\/p>\n<p>Unsere mechanisch bet\u00e4tigten Dachfenster werden <strong>im Tiefziehverfahren hergestellt<\/strong> und haben einen Polyurethankern.<\/p>\n<h3 id=\"mecanismos\" class=\"ancla\">Mechanismen und Rahmen<\/h3>\n<p><img loading=\"lazy\" decoding=\"async\" class=\"alignright wp-image-2340\" src=\"https:\/\/www.industri-sl.com\/wp-content\/uploads\/mecanismos-ventanas-techo-1-300x216.jpg\" alt=\"Kundenspezifische Fertigung von Mechanismen und Rahmen f\u00fcr Busse\" width=\"300\" height=\"216\" srcset=\"https:\/\/www.industri-sl.com\/wp-content\/uploads\/mecanismos-ventanas-techo-1-300x216.jpg 300w, https:\/\/www.industri-sl.com\/wp-content\/uploads\/mecanismos-ventanas-techo-1-768x552.jpg 768w, https:\/\/www.industri-sl.com\/wp-content\/uploads\/mecanismos-ventanas-techo-1.jpg 800w\" sizes=\"auto, (max-width: 300px) 100vw, 300px\" \/>Diese Mechanismen sind ein von INDUSTRI entwickeltes \u00d6ffnungssystem f\u00fcr Dachfenster, <strong>die deren teilweises oder vollst\u00e4ndiges \u00d6ffnen erm\u00f6glichen<\/strong>. Ihre partielle \u00d6ffnung ist zur Bel\u00fcftung des Busses und die vollst\u00e4ndige \u00d6ffnung f\u00fcr den Notfall vorgesehen.<\/p>\n<p>Die Rahmen sind jene Teile, an denen die Dachfenster montiert werden. Ein Gummistreifen isoliert das Fenster des Busses, so dass der Innenraum vor eventuellen Luft- und Wassereintritten gesch\u00fctzt ist. Das Material dieser Rahmen ist aus dem Spezialkunststoff \u201eTelene\u201c gefertigt und verf\u00fcgt \u00fcber Eins\u00e4tze, in <strong>die das Dachfenster montiert wird<\/strong> .<\/p>\n<div class=\"otras-piezas\">\n<h4>Wir stellen auch andere ma\u00dfgefertigte Teile her:<\/h4>\n<div><a class=\"boton gris\" href=\"https:\/\/www.industri-sl.com\/de\/transport\/bus\/rueckspiegel\/\">R\u00fcckspiegel<\/a> <a class=\"boton gris\" href=\"https:\/\/www.industri-sl.com\/de\/transport\/bus\/trittstufen\/\">Trittstufen<\/a> <a class=\"boton gris\" href=\"https:\/\/www.industri-sl.com\/de\/transport\/bus\/dieseltankdeckel\/\">Dieseltankdeckel<\/a> <a class=\"boton gris\" href=\"https:\/\/www.industri-sl.com\/de\/transport\/bus\/scharniere\/\">Scharniere<\/a> <a class=\"boton gris\" href=\"https:\/\/www.industri-sl.com\/de\/transport\/bus\/auspuffrohre\/\">Auspuffrohre<\/a> <a class=\"boton gris\" href=\"https:\/\/www.industri-sl.com\/de\/transport\/bus\/vorhaenge\/\">Vorh\u00e4nge<\/a><\/div>\n<\/div>\n","protected":false},"excerpt":{"rendered":"<p>Kundenspezifische Fertigung von Dachfenstern f\u00fcr Busse Bei INDUSTRI entwerfen und fertigen wir Dachfenster f\u00fcr Busse und Kleinbusse verschiedener Gr\u00f6\u00dfen und Modelle. Die Dachfenster von INDUSTRI sind dank ihres Polyurethankerns und ihrer Fertigung im Tiefziehverfahren von hoher mechanischer Festigkeit. Sie verf\u00fcgen zudem \u00fcber ein Not\u00f6ffnungssystem im Fall eines Kippsturzes des Fahrzeuges. Ziehschn\u00fcre im Innen des Fahrzeuges [&hellip;]<\/p>\n","protected":false},"author":3,"featured_media":0,"parent":8752,"menu_order":0,"comment_status":"closed","ping_status":"closed","template":"page-vehiculos.php","meta":{"footnotes":""},"class_list":["post-8786","page","type-page","status-publish","hentry"],"yoast_head":"<!-- This site is optimized with the Yoast SEO plugin v27.5 - https:\/\/yoast.com\/product\/yoast-seo-wordpress\/ -->\n<title>Fertigung kundenspezifischer Dachfenster f\u00fcr Busse - INDUSTRI<\/title>\n<meta name=\"description\" content=\"Bei INDUSTRI entwerfen und fertigen wir Dachfenster f\u00fcr Busse und Kleinbusse verschiedener Gr\u00f6\u00dfen und Modelle.\" \/>\n<meta name=\"robots\" content=\"index, follow, max-snippet:-1, max-image-preview:large, max-video-preview:-1\" \/>\n<link rel=\"canonical\" href=\"https:\/\/www.industri-sl.com\/de\/transport\/bus\/dachfenster\/\" \/>\n<meta property=\"og:locale\" content=\"de_DE\" \/>\n<meta property=\"og:type\" content=\"article\" \/>\n<meta property=\"og:title\" content=\"Fertigung kundenspezifischer Dachfenster f\u00fcr Busse - INDUSTRI\" \/>\n<meta property=\"og:description\" content=\"Bei INDUSTRI entwerfen und fertigen wir Dachfenster f\u00fcr Busse und Kleinbusse verschiedener Gr\u00f6\u00dfen und Modelle.\" \/>\n<meta property=\"og:url\" content=\"https:\/\/www.industri-sl.com\/de\/transport\/bus\/dachfenster\/\" \/>\n<meta property=\"og:site_name\" content=\"Industri SL\" \/>\n<meta property=\"article:modified_time\" content=\"2025-05-21T12:18:21+00:00\" \/>\n<meta property=\"og:image\" content=\"https:\/\/www.industri-sl.com\/wp-content\/uploads\/ventana-mecanica-300x225.jpg\" \/>\n<meta name=\"twitter:card\" content=\"summary_large_image\" \/>\n<meta name=\"twitter:label1\" content=\"Gesch\u00e4tzte Lesezeit\" \/>\n\t<meta name=\"twitter:data1\" content=\"2\u00a0Minuten\" \/>\n<script type=\"application\/ld+json\" class=\"yoast-schema-graph\">{\"@context\":\"https:\\\/\\\/schema.org\",\"@graph\":[{\"@type\":\"WebPage\",\"@id\":\"https:\\\/\\\/www.industri-sl.com\\\/de\\\/transport\\\/bus\\\/dachfenster\\\/\",\"url\":\"https:\\\/\\\/www.industri-sl.com\\\/de\\\/transport\\\/bus\\\/dachfenster\\\/\",\"name\":\"Fertigung kundenspezifischer Dachfenster f\u00fcr Busse - INDUSTRI\",\"isPartOf\":{\"@id\":\"https:\\\/\\\/www.industri-sl.com\\\/de\\\/#website\"},\"primaryImageOfPage\":{\"@id\":\"https:\\\/\\\/www.industri-sl.com\\\/de\\\/transport\\\/bus\\\/dachfenster\\\/#primaryimage\"},\"image\":{\"@id\":\"https:\\\/\\\/www.industri-sl.com\\\/de\\\/transport\\\/bus\\\/dachfenster\\\/#primaryimage\"},\"thumbnailUrl\":\"https:\\\/\\\/www.industri-sl.com\\\/wp-content\\\/uploads\\\/ventana-mecanica-300x225.jpg\",\"datePublished\":\"2019-10-01T07:18:17+00:00\",\"dateModified\":\"2025-05-21T12:18:21+00:00\",\"description\":\"Bei INDUSTRI entwerfen und fertigen wir Dachfenster f\u00fcr Busse und Kleinbusse verschiedener Gr\u00f6\u00dfen und Modelle.\",\"breadcrumb\":{\"@id\":\"https:\\\/\\\/www.industri-sl.com\\\/de\\\/transport\\\/bus\\\/dachfenster\\\/#breadcrumb\"},\"inLanguage\":\"de\",\"potentialAction\":[{\"@type\":\"ReadAction\",\"target\":[\"https:\\\/\\\/www.industri-sl.com\\\/de\\\/transport\\\/bus\\\/dachfenster\\\/\"]}]},{\"@type\":\"ImageObject\",\"inLanguage\":\"de\",\"@id\":\"https:\\\/\\\/www.industri-sl.com\\\/de\\\/transport\\\/bus\\\/dachfenster\\\/#primaryimage\",\"url\":\"https:\\\/\\\/www.industri-sl.com\\\/wp-content\\\/uploads\\\/ventana-mecanica-300x225.jpg\",\"contentUrl\":\"https:\\\/\\\/www.industri-sl.com\\\/wp-content\\\/uploads\\\/ventana-mecanica-300x225.jpg\"},{\"@type\":\"BreadcrumbList\",\"@id\":\"https:\\\/\\\/www.industri-sl.com\\\/de\\\/transport\\\/bus\\\/dachfenster\\\/#breadcrumb\",\"itemListElement\":[{\"@type\":\"ListItem\",\"position\":1,\"name\":\"Inicio\",\"item\":\"https:\\\/\\\/www.industri-sl.com\\\/de\\\/\"},{\"@type\":\"ListItem\",\"position\":2,\"name\":\"Gesch\u00e4ftsbereich Transport\",\"item\":\"https:\\\/\\\/www.industri-sl.com\\\/de\\\/transport\\\/\"},{\"@type\":\"ListItem\",\"position\":3,\"name\":\"Kundenspezifische Fertigung f\u00fcr Busse\",\"item\":\"https:\\\/\\\/www.industri-sl.com\\\/de\\\/transport\\\/bus\\\/\"},{\"@type\":\"ListItem\",\"position\":4,\"name\":\"Kundenspezifische Dachfenster f\u00fcr Busse\"}]},{\"@type\":\"WebSite\",\"@id\":\"https:\\\/\\\/www.industri-sl.com\\\/de\\\/#website\",\"url\":\"https:\\\/\\\/www.industri-sl.com\\\/de\\\/\",\"name\":\"Industri SL\",\"description\":\"\",\"publisher\":{\"@id\":\"https:\\\/\\\/www.industri-sl.com\\\/de\\\/#organization\"},\"potentialAction\":[{\"@type\":\"SearchAction\",\"target\":{\"@type\":\"EntryPoint\",\"urlTemplate\":\"https:\\\/\\\/www.industri-sl.com\\\/de\\\/?s={search_term_string}\"},\"query-input\":{\"@type\":\"PropertyValueSpecification\",\"valueRequired\":true,\"valueName\":\"search_term_string\"}}],\"inLanguage\":\"de\"},{\"@type\":\"Organization\",\"@id\":\"https:\\\/\\\/www.industri-sl.com\\\/de\\\/#organization\",\"name\":\"Industri SL\",\"url\":\"https:\\\/\\\/www.industri-sl.com\\\/de\\\/\",\"logo\":{\"@type\":\"ImageObject\",\"inLanguage\":\"de\",\"@id\":\"https:\\\/\\\/www.industri-sl.com\\\/de\\\/#\\\/schema\\\/logo\\\/image\\\/\",\"url\":\"https:\\\/\\\/www.industri-sl.com\\\/wp-content\\\/uploads\\\/industri-logo.png\",\"contentUrl\":\"https:\\\/\\\/www.industri-sl.com\\\/wp-content\\\/uploads\\\/industri-logo.png\",\"width\":248,\"height\":45,\"caption\":\"Industri SL\"},\"image\":{\"@id\":\"https:\\\/\\\/www.industri-sl.com\\\/de\\\/#\\\/schema\\\/logo\\\/image\\\/\"}}]}<\/script>\n<!-- \/ Yoast SEO plugin. -->","yoast_head_json":{"title":"Fertigung kundenspezifischer Dachfenster f\u00fcr Busse - INDUSTRI","description":"Bei INDUSTRI entwerfen und fertigen wir Dachfenster f\u00fcr Busse und Kleinbusse verschiedener Gr\u00f6\u00dfen und Modelle.","robots":{"index":"index","follow":"follow","max-snippet":"max-snippet:-1","max-image-preview":"max-image-preview:large","max-video-preview":"max-video-preview:-1"},"canonical":"https:\/\/www.industri-sl.com\/de\/transport\/bus\/dachfenster\/","og_locale":"de_DE","og_type":"article","og_title":"Fertigung kundenspezifischer Dachfenster f\u00fcr Busse - INDUSTRI","og_description":"Bei INDUSTRI entwerfen und fertigen wir Dachfenster f\u00fcr Busse und Kleinbusse verschiedener Gr\u00f6\u00dfen und Modelle.","og_url":"https:\/\/www.industri-sl.com\/de\/transport\/bus\/dachfenster\/","og_site_name":"Industri SL","article_modified_time":"2025-05-21T12:18:21+00:00","og_image":[{"url":"https:\/\/www.industri-sl.com\/wp-content\/uploads\/ventana-mecanica-300x225.jpg","type":"","width":"","height":""}],"twitter_card":"summary_large_image","twitter_misc":{"Gesch\u00e4tzte Lesezeit":"2\u00a0Minuten"},"schema":{"@context":"https:\/\/schema.org","@graph":[{"@type":"WebPage","@id":"https:\/\/www.industri-sl.com\/de\/transport\/bus\/dachfenster\/","url":"https:\/\/www.industri-sl.com\/de\/transport\/bus\/dachfenster\/","name":"Fertigung kundenspezifischer Dachfenster f\u00fcr Busse - INDUSTRI","isPartOf":{"@id":"https:\/\/www.industri-sl.com\/de\/#website"},"primaryImageOfPage":{"@id":"https:\/\/www.industri-sl.com\/de\/transport\/bus\/dachfenster\/#primaryimage"},"image":{"@id":"https:\/\/www.industri-sl.com\/de\/transport\/bus\/dachfenster\/#primaryimage"},"thumbnailUrl":"https:\/\/www.industri-sl.com\/wp-content\/uploads\/ventana-mecanica-300x225.jpg","datePublished":"2019-10-01T07:18:17+00:00","dateModified":"2025-05-21T12:18:21+00:00","description":"Bei INDUSTRI entwerfen und fertigen wir Dachfenster f\u00fcr Busse und Kleinbusse verschiedener Gr\u00f6\u00dfen und Modelle.","breadcrumb":{"@id":"https:\/\/www.industri-sl.com\/de\/transport\/bus\/dachfenster\/#breadcrumb"},"inLanguage":"de","potentialAction":[{"@type":"ReadAction","target":["https:\/\/www.industri-sl.com\/de\/transport\/bus\/dachfenster\/"]}]},{"@type":"ImageObject","inLanguage":"de","@id":"https:\/\/www.industri-sl.com\/de\/transport\/bus\/dachfenster\/#primaryimage","url":"https:\/\/www.industri-sl.com\/wp-content\/uploads\/ventana-mecanica-300x225.jpg","contentUrl":"https:\/\/www.industri-sl.com\/wp-content\/uploads\/ventana-mecanica-300x225.jpg"},{"@type":"BreadcrumbList","@id":"https:\/\/www.industri-sl.com\/de\/transport\/bus\/dachfenster\/#breadcrumb","itemListElement":[{"@type":"ListItem","position":1,"name":"Inicio","item":"https:\/\/www.industri-sl.com\/de\/"},{"@type":"ListItem","position":2,"name":"Gesch\u00e4ftsbereich Transport","item":"https:\/\/www.industri-sl.com\/de\/transport\/"},{"@type":"ListItem","position":3,"name":"Kundenspezifische Fertigung f\u00fcr Busse","item":"https:\/\/www.industri-sl.com\/de\/transport\/bus\/"},{"@type":"ListItem","position":4,"name":"Kundenspezifische Dachfenster f\u00fcr Busse"}]},{"@type":"WebSite","@id":"https:\/\/www.industri-sl.com\/de\/#website","url":"https:\/\/www.industri-sl.com\/de\/","name":"Industri SL","description":"","publisher":{"@id":"https:\/\/www.industri-sl.com\/de\/#organization"},"potentialAction":[{"@type":"SearchAction","target":{"@type":"EntryPoint","urlTemplate":"https:\/\/www.industri-sl.com\/de\/?s={search_term_string}"},"query-input":{"@type":"PropertyValueSpecification","valueRequired":true,"valueName":"search_term_string"}}],"inLanguage":"de"},{"@type":"Organization","@id":"https:\/\/www.industri-sl.com\/de\/#organization","name":"Industri SL","url":"https:\/\/www.industri-sl.com\/de\/","logo":{"@type":"ImageObject","inLanguage":"de","@id":"https:\/\/www.industri-sl.com\/de\/#\/schema\/logo\/image\/","url":"https:\/\/www.industri-sl.com\/wp-content\/uploads\/industri-logo.png","contentUrl":"https:\/\/www.industri-sl.com\/wp-content\/uploads\/industri-logo.png","width":248,"height":45,"caption":"Industri SL"},"image":{"@id":"https:\/\/www.industri-sl.com\/de\/#\/schema\/logo\/image\/"}}]}},"_links":{"self":[{"href":"https:\/\/www.industri-sl.com\/de\/wp-json\/wp\/v2\/pages\/8786","targetHints":{"allow":["GET"]}}],"collection":[{"href":"https:\/\/www.industri-sl.com\/de\/wp-json\/wp\/v2\/pages"}],"about":[{"href":"https:\/\/www.industri-sl.com\/de\/wp-json\/wp\/v2\/types\/page"}],"author":[{"embeddable":true,"href":"https:\/\/www.industri-sl.com\/de\/wp-json\/wp\/v2\/users\/3"}],"replies":[{"embeddable":true,"href":"https:\/\/www.industri-sl.com\/de\/wp-json\/wp\/v2\/comments?post=8786"}],"version-history":[{"count":0,"href":"https:\/\/www.industri-sl.com\/de\/wp-json\/wp\/v2\/pages\/8786\/revisions"}],"up":[{"embeddable":true,"href":"https:\/\/www.industri-sl.com\/de\/wp-json\/wp\/v2\/pages\/8752"}],"wp:attachment":[{"href":"https:\/\/www.industri-sl.com\/de\/wp-json\/wp\/v2\/media?parent=8786"}],"curies":[{"name":"wp","href":"https:\/\/api.w.org\/{rel}","templated":true}]}}